{"id":13597,"date":"2022-06-21T09:30:00","date_gmt":"2022-06-21T09:30:00","guid":{"rendered":"https:\/\/vanderlindenj-grafzerken.be\/?page_id=13597"},"modified":"2022-06-21T09:30:00","modified_gmt":"2022-06-21T09:30:00","slug":"cuisines-foret","status":"publish","type":"page","link":"https:\/\/vanderlindenj-grafzerken.be\/fr\/monumentsfuneraires\/caveaux\/cuisines-foret\/","title":{"rendered":"Des cuisines d&rsquo;exception sur mesure \u00e0 For\u00eat"},"content":{"rendered":"<div class=\"wpb-content-wrapper\"><p>[vc_row gap=\u00a0\u00bb5&Prime;][vc_column offset=\u00a0\u00bbvc_col-lg-4 vc_col-md-6&Prime;]<div class=\"heading default align-left color-black transform-default icon-type-hidden h2notopmargin heading-tag-h2\" id=\"like_sc_header_1315983240\"><h2 class=\"header ltx-sr-id-like_sc_header_13159832401806113189 ltx-sr ltx-sr-effect-fade_in ltx-sr-el-block ltx-sr-delay-0 ltx-sr-duration-1000 ltx-sr-sequences-0\">La pierre naturelle dans la cuisine par Vanderlinden J.<\/h2><\/div>[vc_column_text]Nous utilisons la pierre naturelle pour votre plan de travail, vos \u00e9viers, vos cr\u00e9dences ou votre sol de cuisine. Aucun plan de travail n&rsquo;est identique. C&rsquo;est pr\u00e9cis\u00e9ment le grand attrait de la pierre naturelle. Le granit gagne en popularit\u00e9, car il est r\u00e9sistant \u00e0 la chaleur, aux rayures et aux taches. Le marbre ou la <a href=\"\/pierre-bleue\">pierre bleue<\/a> sont \u00e9galement des mat\u00e9riaux indiqu\u00e9s pour donner la touche finale \u00e0 votre cuisine.<\/p>\n<p>Pour un plan de travail unique par sa couleur, son motif et sa structure, faites appel \u00e0 Vanderlinden J. Gr\u00e2ce \u00e0 nos techniques de finition, la cr\u00e9ativit\u00e9 ne conna\u00eet pas de limites. Les nombreuses possibilit\u00e9s de la pierre naturelle conviennent \u00e0 tout type d\u2019habitation ou de style d&rsquo;int\u00e9rieur.[\/vc_column_text]<div class=\"es-resp\">\t<div class=\"visible-xl\" style=\"height: 48px;\"><\/div>\t<div class=\"hidden-xl hidden-md hidden-sm hidden-ms hidden-xs\" style=\"height: 48px;\"><\/div>\t<div class=\"visible-md\" style=\"height: 48px;\"><\/div>\t<div class=\"visible-sm \" style=\"height: 48px;\"><\/div>\t<div class=\"visible-ms\" style=\"height: 32px;\"><\/div>\t<div class=\"visible-xs\" style=\"height: 32px;\"><\/div><\/div><div class=\"btn-wrap\">\r\n\t<a href=\"#realisations\"  class=\"btn  btn-black-bordered color-hover-default contactdesktop\" id=\"like_sc_button_1354868496\">D\u00e9couvrez nos r\u00e9alisations ou contactez-nous<span class=\"ltx-btn-after\"><\/span><\/a><\/div><div class=\"btn-wrap\">\r\n\t<a href=\"#contact\"  class=\"btn  btn-black-bordered color-hover-default contactmobile\" id=\"like_sc_button_666338813\">Contactez-nous<span class=\"ltx-btn-after\"><\/span><\/a><\/div><div class=\"es-resp\">\t<div class=\"visible-xl\" style=\"height: 64px;\"><\/div>\t<div class=\"hidden-xl hidden-md hidden-sm hidden-ms hidden-xs\" style=\"height: 0px;\"><\/div>\t<div class=\"visible-md\" style=\"height: 0px;\"><\/div>\t<div class=\"visible-sm \" style=\"height: 0px;\"><\/div>\t<div class=\"visible-ms\" style=\"height: 0px;\"><\/div>\t<div class=\"visible-xs\" style=\"height: 0px;\"><\/div><\/div>[\/vc_column][vc_column offset=\u00a0\u00bbvc_col-lg-4 vc_col-md-6&Prime;]<div class=\"es-resp\">\t<div class=\"visible-ms\" style=\"height: 32px;\"><\/div>\t<div class=\"visible-xs\" style=\"height: 32px;\"><\/div><\/div><div class=\"heading default align-left color-black transform-default icon-type-hidden h2notopmargin heading-tag-h2\" id=\"like_sc_header_1991011326\"><h2 class=\"header ltx-sr-id-like_sc_header_19910113261236780908 ltx-sr ltx-sr-effect-fade_in ltx-sr-el-block ltx-sr-delay-0 ltx-sr-duration-1000 ltx-sr-sequences-0\">Les avantages<\/h2><\/div>[vc_tta_accordion][vc_tta_section title=\u00a0\u00bbTravail sur mesure\u00a0\u00bb tab_id=\u00a0\u00bbsurmesure\u00a0\u00bb][vc_column_text]Chez Vanderlinden J., tous les \u00e9l\u00e9ments en pierre naturelle destin\u00e9s aux cuisines sont fabriqu\u00e9s sur mesure. Nous vous guiderons dans le choix des mat\u00e9riaux et viendrons prendre les mesures de votre cuisine. Votre plan de travail de cuisine sur mesure sera ensuite rapidement plac\u00e9, et ce, dans les r\u00e8gles de l&rsquo;art.[\/vc_column_text][\/vc_tta_section][vc_tta_section title=\u00a0\u00bbQualit\u00e9\u00a0\u00bb tab_id=\u00a0\u00bbqualite\u00a0\u00bb][vc_column_text]La pierre naturelle apporte un aspect exclusif \u00e0 toute pi\u00e8ce. Avec la finition appropri\u00e9e, nous rendons la pierre de votre choix r\u00e9sistante \u00e0 la chaleur et vous donnons des conseils d&rsquo;entretien pour que les graisses, les d\u00e9tergents et les acides ne causent aucun dommage.[\/vc_column_text][\/vc_tta_section][vc_tta_section title=\u00a0\u00bbDurabilit\u00e9\u00a0\u00bb tab_id=\u00a0\u00bbdurabilite\u00a0\u00bb][vc_column_text]Faire le choix de la pierre naturelle est un choix durable pour la vie. Un plan de travail en pierre naturelle est directement issu de la nature. La pierre se patine et s\u2019embellit au fil des ans.[\/vc_column_text][\/vc_tta_section][\/vc_tta_accordion]<div class=\"es-resp\">\t<div class=\"visible-xl\" style=\"height: 64px;\"><\/div>\t<div class=\"hidden-xl hidden-md hidden-sm hidden-ms hidden-xs\" style=\"height: 0px;\"><\/div>\t<div class=\"visible-md\" style=\"height: 0px;\"><\/div>\t<div class=\"visible-sm \" style=\"height: 0px;\"><\/div>\t<div class=\"visible-ms\" style=\"height: 0px;\"><\/div>\t<div class=\"visible-xs\" style=\"height: 0px;\"><\/div><\/div>[\/vc_column][vc_column offset=\u00a0\u00bbvc_col-lg-4 vc_col-md-12&Prime;]<div class=\"es-resp\">\t<div class=\"visible-ms\" style=\"height: 32px;\"><\/div>\t<div class=\"visible-xs\" style=\"height: 32px;\"><\/div><\/div><div class=\"heading default align-left color-black transform-default icon-type-hidden h2notopmargin heading-tag-h2\" id=\"like_sc_header_2101191369\"><h2 class=\"header ltx-sr-id-like_sc_header_2101191369212589295 ltx-sr ltx-sr-effect-fade_in ltx-sr-el-block ltx-sr-delay-0 ltx-sr-duration-1000 ltx-sr-sequences-0\">Cuisines dans la r\u00e9gion de For\u00eat<\/h2><\/div>[vc_column_text]Vanderlinden J. place des cuisines \u00e0 For\u00eat. Nous sommes \u00e9galement actifs dans les provinces du Brabant flamand et du Brabant wallon. Notre marbrerie d\u2019Alsemberg vous offre toujours les meilleurs services dans les meilleurs d\u00e9lais. Faites appel \u00e0 notre exp\u00e9rience pour une cuisine sur mesure en pierre naturelle.[\/vc_column_text]<div class=\"es-resp\">\t<div class=\"visible-xl\" style=\"height: 32px;\"><\/div>\t<div class=\"hidden-xl hidden-md hidden-sm hidden-ms hidden-xs\" style=\"height: 32px;\"><\/div>\t<div class=\"visible-md\" style=\"height: 32px;\"><\/div>\t<div class=\"visible-sm \" style=\"height: 32px;\"><\/div>\t<div class=\"visible-ms\" style=\"height: 24px;\"><\/div>\t<div class=\"visible-xs\" style=\"height: 24px;\"><\/div><\/div>[vc_tta_accordion active_section=\u00a0\u00bb9&Prime;][vc_tta_section title=\u00a0\u00bbVanderlinden J. est entre autres actif dans ces municipalit\u00e9s\u00a0\u00bb tab_id=\u00a0\u00bb1644248424692-556ccb30-f2f51652682295957&Prime;][vc_column_text]Affligem, Alsemberg, Anderlecht, Beersel, Braine l&rsquo;Alleud, Braine-Le-Ch\u00e2teau, Brussel, Diegem, Dilbeek, Drogenbos, Elsene, Etterbeek, Evere, Ganshoren, Gooik, Grimbergen, Halle, Hoeilaart, Jette, Koekelberg, Kraainem, La Hulpe, Lasne, Lennik, Liedekerke, Linkebeek, Machelen, Meise, Oudergem, Overijse, Pepingen, Rixensart, Sint-Agatha-Berchem, Sint-Genesius-Rode, Sint-Gillis, Sint-Jans-Molenbeek, Sint-Joost-Ten-Node, Sint-Lambrechts-Woluwe, Sint-Pieters-Woluwe, Sint-Pieters-Leeuw, Ternat, Tervuren, Tubize, Ukkel, Vilvoorde, Vorst, Waterloo, Watermael-Bosvoorde, Wezembeek-Oppem, Zaventem[\/vc_column_text][\/vc_tta_section][\/vc_tta_accordion]<div class=\"es-resp\">\t<div class=\"visible-ms\" style=\"height: 32px;\"><\/div>\t<div class=\"visible-xs\" style=\"height: 32px;\"><\/div><\/div><div class=\"btn-wrap\">\r\n\t<a href=\"#contact\"  class=\"btn  btn-black-bordered color-hover-default contactmobile\" id=\"like_sc_button_1697485886\">Contactez-nous<span class=\"ltx-btn-after\"><\/span><\/a><\/div>[\/vc_column][\/vc_row][vc_row el_id=\u00a0\u00bbrealisations\u00a0\u00bb][vc_column]<div class=\"es-resp\">\t<div class=\"visible-xl\" style=\"height: 64px;\"><\/div>\t<div class=\"hidden-xl hidden-md hidden-sm hidden-ms hidden-xs\" style=\"height: 64px;\"><\/div>\t<div class=\"visible-md\" style=\"height: 64px;\"><\/div>\t<div class=\"visible-sm \" style=\"height: 16px;\"><\/div>\t<div class=\"visible-ms\" style=\"height: 16px;\"><\/div>\t<div class=\"visible-xs\" style=\"height: 16px;\"><\/div><\/div><div class=\"es-resp\">\t<div class=\"visible-xl\" style=\"height: 64px;\"><\/div>\t<div class=\"hidden-xl hidden-md hidden-sm hidden-ms hidden-xs\" style=\"height: 64px;\"><\/div>\t<div class=\"visible-md\" style=\"height: 64px;\"><\/div>\t<div class=\"visible-sm \" style=\"height: 16px;\"><\/div>\t<div class=\"visible-ms\" style=\"height: 16px;\"><\/div>\t<div class=\"visible-xs\" style=\"height: 16px;\"><\/div><\/div>[\/vc_column][\/vc_row][vc_row gap=\u00a0\u00bb10&Prime;][vc_column width=\u00a0\u00bb2\/3&Prime; css=\u00a0\u00bb.vc_custom_1651147349240{margin-right: 10px !important;}\u00a0\u00bb]<div class=\"heading default align-left color-black transform-default icon-type-hidden h2notopmargin heading-tag-h2\" id=\"like_sc_header_1622132717\"><h2 class=\"header ltx-sr-id-like_sc_header_1622132717119461635 ltx-sr ltx-sr-effect-fade_in ltx-sr-el-block ltx-sr-delay-0 ltx-sr-duration-1000 ltx-sr-sequences-0\">Laissez-vous inspirer par nos <span> r\u00e9alisations <\/span><\/h2><\/div><div class=\"row gallery-sc gallery-static  static\"  id=\"like_sc_gallery_1141324975\">\t\t\n\t\t<div class=\"col-lg-3 col-sm-4 col-ms-6 col-xs-12\">\t\t\t<a href=\"\/\/vanderlindenj-grafzerken.be\/wp-content\/uploads\/2022\/02\/IMG_8416.jpg\" class=\"swipebox photo \">\n\n\t\t\t\t<span>\n\t\t\t\t<img loading=\"lazy\" decoding=\"async\" width=\"275\" height=\"275\" src=\"https:\/\/vanderlindenj-grafzerken.be\/wp-content\/uploads\/2022\/02\/IMG_8416-275x275.jpg\" class=\"attachment-ollis-gallery-grid size-ollis-gallery-grid\" alt=\"Familie grafkelders op maat\" srcset=\"https:\/\/vanderlindenj-grafzerken.be\/wp-content\/uploads\/2022\/02\/IMG_8416-275x275.jpg 275w, https:\/\/vanderlindenj-grafzerken.be\/wp-content\/uploads\/2022\/02\/IMG_8416-150x150.jpg 150w, https:\/\/vanderlindenj-grafzerken.be\/wp-content\/uploads\/2022\/02\/IMG_8416-250x250.jpg 250w, https:\/\/vanderlindenj-grafzerken.be\/wp-content\/uploads\/2022\/02\/IMG_8416-140x140.jpg 140w, https:\/\/vanderlindenj-grafzerken.be\/wp-content\/uploads\/2022\/02\/IMG_8416-110x110.jpg 110w\" sizes=\"auto, (max-width: 275px) 100vw, 275px\" \/>\t\t\t\t<\/span>\n\t\t\t<\/a>\n\t\t<\/div>\n\t\t\n\t\t<div class=\"col-lg-3 col-sm-4 col-ms-6 col-xs-12\">\t\t\t<a href=\"\/\/vanderlindenj-grafzerken.be\/wp-content\/uploads\/2022\/02\/IMG_8419.jpg\" class=\"swipebox photo \">\n\n\t\t\t\t<span>\n\t\t\t\t<img loading=\"lazy\" decoding=\"async\" width=\"275\" height=\"275\" src=\"https:\/\/vanderlindenj-grafzerken.be\/wp-content\/uploads\/2022\/02\/IMG_8419-275x275.jpg\" class=\"attachment-ollis-gallery-grid size-ollis-gallery-grid\" alt=\"Familie grafkelders op maat\" srcset=\"https:\/\/vanderlindenj-grafzerken.be\/wp-content\/uploads\/2022\/02\/IMG_8419-275x275.jpg 275w, https:\/\/vanderlindenj-grafzerken.be\/wp-content\/uploads\/2022\/02\/IMG_8419-150x150.jpg 150w, https:\/\/vanderlindenj-grafzerken.be\/wp-content\/uploads\/2022\/02\/IMG_8419-250x250.jpg 250w, https:\/\/vanderlindenj-grafzerken.be\/wp-content\/uploads\/2022\/02\/IMG_8419-140x140.jpg 140w, https:\/\/vanderlindenj-grafzerken.be\/wp-content\/uploads\/2022\/02\/IMG_8419-110x110.jpg 110w\" sizes=\"auto, (max-width: 275px) 100vw, 275px\" \/>\t\t\t\t<\/span>\n\t\t\t<\/a>\n\t\t<\/div>\n\t\t\n\t\t<div class=\"col-lg-3 col-sm-4 col-ms-6 col-xs-12\">\t\t\t<a href=\"\/\/vanderlindenj-grafzerken.be\/wp-content\/uploads\/2022\/02\/IMG_8479.jpg\" class=\"swipebox photo \">\n\n\t\t\t\t<span>\n\t\t\t\t<img loading=\"lazy\" decoding=\"async\" width=\"275\" height=\"275\" src=\"https:\/\/vanderlindenj-grafzerken.be\/wp-content\/uploads\/2022\/02\/IMG_8479-275x275.jpg\" class=\"attachment-ollis-gallery-grid size-ollis-gallery-grid\" alt=\"Familie grafkelders op maat\" srcset=\"https:\/\/vanderlindenj-grafzerken.be\/wp-content\/uploads\/2022\/02\/IMG_8479-275x275.jpg 275w, https:\/\/vanderlindenj-grafzerken.be\/wp-content\/uploads\/2022\/02\/IMG_8479-150x150.jpg 150w, https:\/\/vanderlindenj-grafzerken.be\/wp-content\/uploads\/2022\/02\/IMG_8479-250x250.jpg 250w, https:\/\/vanderlindenj-grafzerken.be\/wp-content\/uploads\/2022\/02\/IMG_8479-140x140.jpg 140w, https:\/\/vanderlindenj-grafzerken.be\/wp-content\/uploads\/2022\/02\/IMG_8479-110x110.jpg 110w\" sizes=\"auto, (max-width: 275px) 100vw, 275px\" \/>\t\t\t\t<\/span>\n\t\t\t<\/a>\n\t\t<\/div>\n\t\t\n\t\t<div class=\"col-lg-3 col-sm-4 col-ms-6 col-xs-12\">\t\t\t<a href=\"\/\/vanderlindenj-grafzerken.be\/wp-content\/uploads\/2022\/02\/IMG_8484.jpg\" class=\"swipebox photo \">\n\n\t\t\t\t<span>\n\t\t\t\t<img loading=\"lazy\" decoding=\"async\" width=\"275\" height=\"275\" src=\"https:\/\/vanderlindenj-grafzerken.be\/wp-content\/uploads\/2022\/02\/IMG_8484-275x275.jpg\" class=\"attachment-ollis-gallery-grid size-ollis-gallery-grid\" alt=\"Familie grafkelders op maat\" srcset=\"https:\/\/vanderlindenj-grafzerken.be\/wp-content\/uploads\/2022\/02\/IMG_8484-275x275.jpg 275w, https:\/\/vanderlindenj-grafzerken.be\/wp-content\/uploads\/2022\/02\/IMG_8484-150x150.jpg 150w, https:\/\/vanderlindenj-grafzerken.be\/wp-content\/uploads\/2022\/02\/IMG_8484-250x250.jpg 250w, https:\/\/vanderlindenj-grafzerken.be\/wp-content\/uploads\/2022\/02\/IMG_8484-140x140.jpg 140w, https:\/\/vanderlindenj-grafzerken.be\/wp-content\/uploads\/2022\/02\/IMG_8484-110x110.jpg 110w\" sizes=\"auto, (max-width: 275px) 100vw, 275px\" \/>\t\t\t\t<\/span>\n\t\t\t<\/a>\n\t\t<\/div>\n\t\t\n\t\t<div class=\"col-lg-3 col-sm-4 col-ms-6 col-xs-12\">\t\t\t<a href=\"\/\/vanderlindenj-grafzerken.be\/wp-content\/uploads\/2022\/02\/IMG_8511.jpg\" class=\"swipebox photo \">\n\n\t\t\t\t<span>\n\t\t\t\t<img loading=\"lazy\" decoding=\"async\" width=\"275\" height=\"275\" src=\"https:\/\/vanderlindenj-grafzerken.be\/wp-content\/uploads\/2022\/02\/IMG_8511-275x275.jpg\" class=\"attachment-ollis-gallery-grid size-ollis-gallery-grid\" alt=\"Familie grafkelders op maat\" srcset=\"https:\/\/vanderlindenj-grafzerken.be\/wp-content\/uploads\/2022\/02\/IMG_8511-275x275.jpg 275w, https:\/\/vanderlindenj-grafzerken.be\/wp-content\/uploads\/2022\/02\/IMG_8511-150x150.jpg 150w, https:\/\/vanderlindenj-grafzerken.be\/wp-content\/uploads\/2022\/02\/IMG_8511-250x250.jpg 250w, https:\/\/vanderlindenj-grafzerken.be\/wp-content\/uploads\/2022\/02\/IMG_8511-140x140.jpg 140w, https:\/\/vanderlindenj-grafzerken.be\/wp-content\/uploads\/2022\/02\/IMG_8511-110x110.jpg 110w\" sizes=\"auto, (max-width: 275px) 100vw, 275px\" \/>\t\t\t\t<\/span>\n\t\t\t<\/a>\n\t\t<\/div>\n\t\t\n\t\t<div class=\"col-lg-3 col-sm-4 col-ms-6 col-xs-12\">\t\t\t<a href=\"\/\/vanderlindenj-grafzerken.be\/wp-content\/uploads\/2018\/02\/IMG_8350-2.jpg\" class=\"swipebox photo \">\n\n\t\t\t\t<span>\n\t\t\t\t<img loading=\"lazy\" decoding=\"async\" width=\"275\" height=\"275\" src=\"https:\/\/vanderlindenj-grafzerken.be\/wp-content\/uploads\/2018\/02\/IMG_8350-2-275x275.jpg\" class=\"attachment-ollis-gallery-grid size-ollis-gallery-grid\" alt=\"\" srcset=\"https:\/\/vanderlindenj-grafzerken.be\/wp-content\/uploads\/2018\/02\/IMG_8350-2-275x275.jpg 275w, https:\/\/vanderlindenj-grafzerken.be\/wp-content\/uploads\/2018\/02\/IMG_8350-2-150x150.jpg 150w, https:\/\/vanderlindenj-grafzerken.be\/wp-content\/uploads\/2018\/02\/IMG_8350-2-250x250.jpg 250w, https:\/\/vanderlindenj-grafzerken.be\/wp-content\/uploads\/2018\/02\/IMG_8350-2-140x140.jpg 140w, https:\/\/vanderlindenj-grafzerken.be\/wp-content\/uploads\/2018\/02\/IMG_8350-2-110x110.jpg 110w\" sizes=\"auto, (max-width: 275px) 100vw, 275px\" \/>\t\t\t\t<\/span>\n\t\t\t<\/a>\n\t\t<\/div>\n\t\t\n\t\t<div class=\"col-lg-3 col-sm-4 col-ms-6 col-xs-12\">\t\t\t<a href=\"\/\/vanderlindenj-grafzerken.be\/wp-content\/uploads\/2022\/02\/IMG_8464-2.jpg\" class=\"swipebox photo \">\n\n\t\t\t\t<span>\n\t\t\t\t<img loading=\"lazy\" decoding=\"async\" width=\"275\" height=\"275\" src=\"https:\/\/vanderlindenj-grafzerken.be\/wp-content\/uploads\/2022\/02\/IMG_8464-2-275x275.jpg\" class=\"attachment-ollis-gallery-grid size-ollis-gallery-grid\" alt=\"Familie grafkelders op maat\" srcset=\"https:\/\/vanderlindenj-grafzerken.be\/wp-content\/uploads\/2022\/02\/IMG_8464-2-275x275.jpg 275w, https:\/\/vanderlindenj-grafzerken.be\/wp-content\/uploads\/2022\/02\/IMG_8464-2-150x150.jpg 150w, https:\/\/vanderlindenj-grafzerken.be\/wp-content\/uploads\/2022\/02\/IMG_8464-2-250x250.jpg 250w, https:\/\/vanderlindenj-grafzerken.be\/wp-content\/uploads\/2022\/02\/IMG_8464-2-140x140.jpg 140w, https:\/\/vanderlindenj-grafzerken.be\/wp-content\/uploads\/2022\/02\/IMG_8464-2-110x110.jpg 110w\" sizes=\"auto, (max-width: 275px) 100vw, 275px\" \/>\t\t\t\t<\/span>\n\t\t\t<\/a>\n\t\t<\/div>\n\t\t\n\t<\/div><div class=\"es-resp\">\t<div class=\"visible-xl\" style=\"height: 48px;\"><\/div>\t<div class=\"hidden-xl hidden-md hidden-sm hidden-ms hidden-xs\" style=\"height: 48px;\"><\/div>\t<div class=\"visible-md\" style=\"height: 48px;\"><\/div>\t<div class=\"visible-sm \" style=\"height: 48px;\"><\/div>\t<div class=\"visible-ms\" style=\"height: 48px;\"><\/div>\t<div class=\"visible-xs\" style=\"height: 48px;\"><\/div><\/div>[vc_row_inner][vc_column_inner width=\u00a0\u00bb1\/4&Prime;]<div class=\"btn-wrap\">\r\n\t<a href=\"https:\/\/vanderlindenj-grafzerken.be\/gallery\/keukens-cuisines\/\"  class=\"btn  btn-main-bordered color-hover-main\" id=\"like_sc_button_1551632032\">Plus de cuisines<span class=\"ltx-btn-after\"><\/span><\/a><\/div>[\/vc_column_inner][vc_column_inner width=\u00a0\u00bb1\/4&Prime;]<div class=\"es-resp\">\t<div class=\"visible-ms\" style=\"height: 32px;\"><\/div>\t<div class=\"visible-xs\" style=\"height: 32px;\"><\/div><\/div><div class=\"btn-wrap\">\r\n\t<a href=\"\/realisaties-realisations\"  class=\"btn  btn-main-bordered color-hover-main\" id=\"like_sc_button_1299260436\">Toutes nos r\u00e9alisations<span class=\"ltx-btn-after\"><\/span><\/a><\/div><div class=\"es-resp\">\t<div class=\"visible-ms\" style=\"height: 32px;\"><\/div>\t<div class=\"visible-xs\" style=\"height: 32px;\"><\/div><\/div>[\/vc_column_inner][vc_column_inner width=\u00a0\u00bb1\/4&Prime;][\/vc_column_inner][vc_column_inner width=\u00a0\u00bb1\/4&Prime;][\/vc_column_inner][\/vc_row_inner][\/vc_column][vc_column width=\u00a0\u00bb1\/3&Prime; bg_color_select=\u00a0\u00bbgray\u00a0\u00bb el_id=\u00a0\u00bbcontact\u00a0\u00bb]<div class=\"es-resp\">\t<div class=\"visible-xl\" style=\"height: 42px;\"><\/div>\t<div class=\"hidden-xl hidden-md hidden-sm hidden-ms hidden-xs\" style=\"height: 42px;\"><\/div>\t<div class=\"visible-md\" style=\"height: 42px;\"><\/div>\t<div class=\"visible-sm \" style=\"height: 42px;\"><\/div>\t<div class=\"visible-ms\" style=\"height: 42px;\"><\/div>\t<div class=\"visible-xs\" style=\"height: 42px;\"><\/div><\/div><div class=\"ltx-content-width ltx-col-align-center ltx-block-align-center\" id=\"like_sc_content_width_943534552\" style=\"max-width: 350px\"><div class=\"ltx-wrapper\"><div class=\"heading header-subheader align-center subcolor-main transform-default theme-icon-second icon-type-hidden   vc_custom_1655801247702 heading-tag-h5\" id=\"like_sc_header_746651960\"><h5 class=\"header ltx-sr-id-like_sc_header_746651960403876566 ltx-sr ltx-sr-effect-fade_in ltx-sr-el-block ltx-sr-delay-0 ltx-sr-duration-1000 ltx-sr-sequences-0\">J'ai une <span> question <\/span> sur les cuisines<br \/>\nou je veux un <span> devis <\/span> rapidement<\/h5><\/div><div class=\"ltx-contact-form-7 transform-default form-center form-gray form-bg-gray form-style-default form-btn-default form-btn-default form-padding-none \"    id=\"like_sc_contact_form_7_240114796\">\n<div class=\"wpcf7 no-js\" id=\"wpcf7-f13540-o2\" lang=\"en-US\" dir=\"ltr\" data-wpcf7-id=\"13540\">\n<div class=\"screen-reader-response\"><p role=\"status\" aria-live=\"polite\" aria-atomic=\"true\"><\/p> <ul><\/ul><\/div>\n<form action=\"\/fr\/wp-json\/wp\/v2\/pages\/13597#wpcf7-f13540-o2\" method=\"post\" class=\"wpcf7-form init\" aria-label=\"Contact form\" novalidate=\"novalidate\" data-status=\"init\">\n<fieldset class=\"hidden-fields-container\"><input type=\"hidden\" name=\"_wpcf7\" value=\"13540\" \/><input type=\"hidden\" name=\"_wpcf7_version\" value=\"6.1.5\" \/><input type=\"hidden\" name=\"_wpcf7_locale\" value=\"en_US\" \/><input type=\"hidden\" name=\"_wpcf7_unit_tag\" value=\"wpcf7-f13540-o2\" \/><input type=\"hidden\" name=\"_wpcf7_container_post\" value=\"0\" \/><input type=\"hidden\" name=\"_wpcf7_posted_data_hash\" value=\"\" \/><input type=\"hidden\" name=\"_wpcf7_recaptcha_response\" value=\"\" \/>\n<\/fieldset>\n<div class=\"row\">\n\t<div class=\"col-lg-12\">\n\t\t<p><span class=\"wpcf7-form-control-wrap\" data-name=\"your-name\"><input size=\"40\" maxlength=\"400\" class=\"wpcf7-form-control wpcf7-text wpcf7-validates-as-required\" aria-required=\"true\" aria-invalid=\"false\" placeholder=\"Nom*\" value=\"\" type=\"text\" name=\"your-name\" \/><\/span>\n\t\t<\/p>\n\t<\/div>\n\t<div class=\"col-lg-12\">\n\t\t<p><span class=\"wpcf7-form-control-wrap\" data-name=\"your-email\"><input size=\"40\" maxlength=\"400\" class=\"wpcf7-form-control wpcf7-email wpcf7-validates-as-required wpcf7-text wpcf7-validates-as-email\" aria-required=\"true\" aria-invalid=\"false\" placeholder=\"E-mail*\" value=\"\" type=\"email\" name=\"your-email\" \/><\/span>\n\t\t<\/p>\n\t<\/div>\n<\/div>\n<p><span class=\"wpcf7-form-control-wrap\" data-name=\"your-message\"><textarea cols=\"40\" rows=\"10\" maxlength=\"2000\" class=\"wpcf7-form-control wpcf7-textarea wpcf7-validates-as-required\" aria-required=\"true\" aria-invalid=\"false\" placeholder=\"Fournissez autant d&#039;informations que possible, afin que nous puissions personnaliser votre offre.*\" name=\"your-message\"><\/textarea><\/span>\n<\/p>\n<div class=\"row\">\n\t<div class=\"col-lg-12\">\n\t\t<p><span class=\"wpcf7-form-control-wrap\" data-name=\"street\"><input size=\"40\" maxlength=\"400\" class=\"wpcf7-form-control wpcf7-text wpcf7-validates-as-required\" aria-required=\"true\" aria-invalid=\"false\" placeholder=\"Rue + n\u00b0*\" value=\"\" type=\"text\" name=\"street\" \/><\/span>\n\t\t<\/p>\n\t<\/div>\n\t<div class=\"col-lg-12\">\n\t\t<p><span class=\"wpcf7-form-control-wrap\" data-name=\"city\"><input size=\"40\" maxlength=\"400\" class=\"wpcf7-form-control wpcf7-text wpcf7-validates-as-required\" aria-required=\"true\" aria-invalid=\"false\" placeholder=\"Code postal + commune*\" value=\"\" type=\"text\" name=\"city\" \/><\/span>\n\t\t<\/p>\n\t<\/div>\n\t<div class=\"col-lg-12\">\n\t\t<p><span class=\"wpcf7-form-control-wrap\" data-name=\"phone\"><input size=\"40\" maxlength=\"400\" class=\"wpcf7-form-control wpcf7-text wpcf7-validates-as-required\" aria-required=\"true\" aria-invalid=\"false\" placeholder=\"T\u00e9l\u00e9phone*\" value=\"\" type=\"text\" name=\"phone\" \/><\/span>\n\t\t<\/p>\n\t<\/div>\n\t<div class=\"col-lg-12\">\n\t\t<p><span class=\"wpcf7-form-control-wrap\" data-name=\"fax\"><input size=\"40\" maxlength=\"400\" class=\"wpcf7-form-control wpcf7-text\" aria-invalid=\"false\" placeholder=\"Fax\" value=\"\" type=\"text\" name=\"fax\" \/><\/span>\n\t\t<\/p>\n\t<\/div>\n<\/div>\n<p><input class=\"wpcf7-form-control wpcf7-submit has-spinner\" type=\"submit\" value=\"Envoyer demande\" \/>\n<\/p><div class=\"wpcf7-response-output\" aria-hidden=\"true\"><\/div>\n<\/form>\n<\/div>\n<\/div><\/div><\/div>[vc_column_text]<\/p>\n<p style=\"text-align: center;\">Devis possible dans les 48h, ou appelez le : <a href=\"tel:=+3223801001\">+32 (0)2 380 10 01<\/a>.<\/p>\n<p>[\/vc_column_text]<div class=\"es-resp\">\t<div class=\"visible-xl\" style=\"height: 0px;\"><\/div>\t<div class=\"hidden-xl hidden-md hidden-sm hidden-ms hidden-xs\" style=\"height: 0px;\"><\/div>\t<div class=\"visible-md\" style=\"height: 48px;\"><\/div>\t<div class=\"visible-sm \" style=\"height: 48px;\"><\/div>\t<div class=\"visible-ms\" style=\"height: 48px;\"><\/div>\t<div class=\"visible-xs\" style=\"height: 48px;\"><\/div><\/div><div class=\"es-resp\">\t<div class=\"visible-xl\" style=\"height: 24px;\"><\/div>\t<div class=\"hidden-xl hidden-md hidden-sm hidden-ms hidden-xs\" style=\"height: 24px;\"><\/div>\t<div class=\"visible-md\" style=\"height: 24px;\"><\/div>\t<div class=\"visible-sm \" style=\"height: 24px;\"><\/div>\t<div class=\"visible-ms\" style=\"height: 24px;\"><\/div>\t<div class=\"visible-xs\" style=\"height: 24px;\"><\/div><\/div>[\/vc_column][\/vc_row][vc_row][vc_column]<div class=\"es-resp\">\t<div class=\"visible-xl\" style=\"height: 64px;\"><\/div>\t<div class=\"hidden-xl hidden-md hidden-sm hidden-ms hidden-xs\" style=\"height: 64px;\"><\/div>\t<div class=\"visible-md\" style=\"height: 64px;\"><\/div>\t<div class=\"visible-sm \" style=\"height: 16px;\"><\/div>\t<div class=\"visible-ms\" style=\"height: 16px;\"><\/div>\t<div class=\"visible-xs\" style=\"height: 16px;\"><\/div><\/div>[\/vc_column][\/vc_row][vc_row][vc_column]<div class=\"es-resp\">\t<div class=\"visible-xl\" style=\"height: 64px;\"><\/div>\t<div class=\"hidden-xl hidden-md hidden-sm hidden-ms hidden-xs\" style=\"height: 64px;\"><\/div>\t<div class=\"visible-md\" style=\"height: 64px;\"><\/div>\t<div class=\"visible-sm \" style=\"height: 16px;\"><\/div>\t<div class=\"visible-ms\" style=\"height: 16px;\"><\/div>\t<div class=\"visible-xs\" style=\"height: 16px;\"><\/div><\/div>[\/vc_column][\/vc_row][vc_row][vc_column]<div class=\"templatera_shortcode\"><section data-vc-full-width=\"true\" data-vc-full-width-temp=\"true\" data-vc-full-width-init=\"false\" class=\"vc_section bg-color-gray text-align-center-md-sm-ms\"><div id=\"products\" class=\"vc_row wpb_row vc_row-fluid\"><div class=\"wpb_column vc_column_container vc_col-sm-12\"><div class=\"vc_column-inner\"><div class=\"wpb_wrapper\"><div class=\"es-resp\">\t<div class=\"visible-xl\" style=\"height: 98px;\"><\/div>\t<div class=\"hidden-xl hidden-md hidden-sm hidden-ms hidden-xs\" style=\"height: 70px;\"><\/div>\t<div class=\"visible-md\" style=\"height: 70px;\"><\/div>\t<div class=\"visible-sm \" style=\"height: 70px;\"><\/div>\t<div class=\"visible-ms\" style=\"height: 64px;\"><\/div>\t<div class=\"visible-xs\" style=\"height: 64px;\"><\/div><\/div><\/div><\/div><\/div><\/div><div class=\"vc_row wpb_row vc_row-fluid\"><div class=\"ltx-icons-text-block wpb_column vc_column_container vc_col-sm-12 vc_col-lg-3 vc_col-md-12\"><div class=\"vc_column-inner\"><div class=\"wpb_wrapper\"><div class=\"es-resp\">\t<div class=\"visible-xl\" style=\"height: 16px;\"><\/div>\t<div class=\"hidden-xl hidden-md hidden-sm hidden-ms hidden-xs\" style=\"height: 16px;\"><\/div>\t<div class=\"visible-md\" style=\"height: 16px;\"><\/div>\t<div class=\"visible-sm \" style=\"height: 16px;\"><\/div>\t<div class=\"visible-ms\" style=\"height: 32px;\"><\/div>\t<div class=\"visible-xs\" style=\"height: 32px;\"><\/div><\/div><div class=\"heading default align-left color-black subcolor-main transform-default icon-type-hidden   vc_custom_1656675984845 heading-tag-h2\" id=\"like_sc_header_225336572\"><h2 class=\"header ltx-sr-id-like_sc_header_225336572482727874 ltx-sr ltx-sr-effect-fade_in ltx-sr-el-block ltx-sr-delay-0 ltx-sr-duration-1000 ltx-sr-sequences-0\">Ce que nous <span>faisons<\/span><\/h2><\/div>\n\t<div class=\"wpb_text_column wpb_content_element\" >\n\t\t<div class=\"wpb_wrapper\">\n\t\t\t<p>Nous mettons \u00e0 profit nos nombreuses ann\u00e9es d'exp\u00e9rience et notre approche personnelle pour vous soulager de tous vos soucis. D\u00e9couvrez comment nous pouvons vous aider.<\/p>\n\n\t\t<\/div>\n\t<\/div>\n<div class=\"es-resp\">\t<div class=\"visible-xl\" style=\"height: 0px;\"><\/div>\t<div class=\"hidden-xl hidden-md hidden-sm hidden-ms hidden-xs\" style=\"height: 48px;\"><\/div>\t<div class=\"visible-md\" style=\"height: 48px;\"><\/div>\t<div class=\"visible-sm \" style=\"height: 48px;\"><\/div>\t<div class=\"visible-ms\" style=\"height: 32px;\"><\/div>\t<div class=\"visible-xs\" style=\"height: 32px;\"><\/div><\/div><\/div><\/div><\/div><div class=\"wpb_column vc_column_container vc_col-sm-12 vc_col-lg-9\"><div class=\"vc_column-inner\"><div class=\"wpb_wrapper\"><ul class=\"ltx-block-icon  has-descr  icons-count-3 align-center ltx-icon-color-main ltx-icon-size-sm ltx-header-color-default ltx-icon-type-transparent ltx-bg-color-white layout-cols3 ltx-grid-hover  row centered\"  id=\"like_sc_block_icon_559690613\"><li class=\"col-lg-4 col-md-4 col-sm-12 col-ms-12 col-xs-12\" >\r\n\t\t\t\t<div class=\"in\">\r\n\t\t\t\t\t<div class=\"ltx-flip\">\r\n\t\t\t\t\t\t<div class=\"side-a\"><a href=\"\/fr\/monumentsfun\u00e9raires\/caveaux\"><span class=\"ltx-icon fas fa-underline bg-white\"><\/span> <h5 class=\"header\"> Caveaux <\/h5> <div class=\"descr\">Les caveaux permettent d\u2019inhumer 2 ou 3 personnes issues de la m\u00eame famille. Vanderlinden J. se charge des fondations et de la production de la pierre fun\u00e9raire. Enti\u00e8rement sur mesure, en tenant compte de vos souhaits et des directives en vigueur.<\/div>\r\n\t\t\t\t\t\t<\/a><\/div>\r\n\t\t\t\t\t\t<div class=\"side-b\" style=\"background-image: url(https:\/\/vanderlindenj-grafzerken.be\/wp-content\/uploads\/2022\/06\/IMG_8479.jpg);\" ><a href=\"\/fr\/monumentsfun\u00e9raires\/caveaux\"><span class=\"ltx-icon fas fa-underline bg-white\"><\/span> <h5 class=\"header\"> Caveaux <\/h5> <div class=\"descr\">Les caveaux permettent d\u2019inhumer 2 ou 3 personnes issues de la m\u00eame famille. Vanderlinden J. se charge des fondations et de la production de la pierre fun\u00e9raire. Enti\u00e8rement sur mesure, en tenant compte de vos souhaits et des directives en vigueur.<\/div>\r\n\t\t\t\t\t\t<\/a><\/div>\t\t\t\t\t\t\r\n\t\t\t\t\t<\/div>\r\n\t\t\t\t<\/div>\r\n\t\t\t<\/li><li class=\"col-lg-4 col-md-4 col-sm-12 col-ms-12 col-xs-12\" >\r\n\t\t\t\t<div class=\"in\">\r\n\t\t\t\t\t<div class=\"ltx-flip\">\r\n\t\t\t\t\t\t<div class=\"side-a\"><a href=\"\/fr\/monumentsfun\u00e9raires\/pierrestombales-classiques\"><span class=\"ltx-icon fas fa-church bg-white\"><\/span> <h5 class=\"header\"> Pierres tombales classiques <\/h5> <div class=\"descr\">Nous cr\u00e9ons de belles pierres tombales personnalis\u00e9es et sur mesure. Nous prenons le temps d'\u00e9couter votre histoire et nous tenons compte des exigences des cimeti\u00e8res.<\/div>\r\n\t\t\t\t\t\t<\/a><\/div>\r\n\t\t\t\t\t\t<div class=\"side-b\" style=\"background-image: url(https:\/\/vanderlindenj-grafzerken.be\/wp-content\/uploads\/2022\/06\/IMG_8546.jpg);\" ><a href=\"\/fr\/monumentsfun\u00e9raires\/pierrestombales-classiques\"><span class=\"ltx-icon fas fa-church bg-white\"><\/span> <h5 class=\"header\"> Pierres tombales classiques <\/h5> <div class=\"descr\">Nous cr\u00e9ons de belles pierres tombales personnalis\u00e9es et sur mesure. Nous prenons le temps d'\u00e9couter votre histoire et nous tenons compte des exigences des cimeti\u00e8res.<\/div>\r\n\t\t\t\t\t\t<\/a><\/div>\t\t\t\t\t\t\r\n\t\t\t\t\t<\/div>\r\n\t\t\t\t<\/div>\r\n\t\t\t<\/li><li class=\"col-lg-4 col-md-4 col-sm-12 col-ms-12 col-xs-12 \" >\r\n\t\t\t\t<div class=\"in\">\r\n\t\t\t\t\t<div class=\"ltx-flip\">\r\n\t\t\t\t\t\t<div class=\"side-a\"><a href=\"\/fr\/monumentsfun\u00e9raires\/pierrestombales-juives\"><span class=\"ltx-icon fas fa-star-of-david bg-white\"><\/span> <h5 class=\"header\"> Pierres tombales juives <\/h5> <div class=\"descr\">Vanderlinden J. con\u00e7oit des pierres tombales dans le respect de la tradition juive ou au contraire selon un style moderne et personnalis\u00e9. <\/div>\r\n\t\t\t\t\t\t<\/a><\/div>\r\n\t\t\t\t\t\t<div class=\"side-b\" style=\"background-image: url(https:\/\/vanderlindenj-grafzerken.be\/wp-content\/uploads\/2022\/06\/IMG_8409.jpg);\" ><a href=\"\/fr\/monumentsfun\u00e9raires\/pierrestombales-juives\"><span class=\"ltx-icon fas fa-star-of-david bg-white\"><\/span> <h5 class=\"header\"> Pierres tombales juives <\/h5> <div class=\"descr\">Vanderlinden J. con\u00e7oit des pierres tombales dans le respect de la tradition juive ou au contraire selon un style moderne et personnalis\u00e9. <\/div>\r\n\t\t\t\t\t\t<\/a><\/div>\t\t\t\t\t\t\r\n\t\t\t\t\t<\/div>\r\n\t\t\t\t<\/div>\r\n\t\t\t<\/li><\/ul><\/div><\/div><\/div><\/div><div class=\"vc_row wpb_row vc_row-fluid\"><div class=\"wpb_column vc_column_container vc_col-sm-12\"><div class=\"vc_column-inner\"><div class=\"wpb_wrapper\"><ul class=\"ltx-block-icon  has-descr  icons-count-4 align-center ltx-icon-color-main ltx-icon-size-sm ltx-header-color-default ltx-icon-type-transparent ltx-bg-color-transparent layout-cols4 ltx-grid-hover  row centered\"  id=\"like_sc_block_icon_417862064\"><li class=\" col-lg-3 col-md-6 col-sm-6 col-ms-12 col-xs-12 \" >\r\n\t\t\t\t<div class=\"in\">\r\n\t\t\t\t\t<div class=\"ltx-flip\">\r\n\t\t\t\t\t\t<div class=\"side-a\"><a href=\"\/fr\/monumentsfun\u00e9raires\/pierrestombales-musulmanes\"><span class=\"ltx-icon fas fa-mosque bg-transparent\"><\/span> <h5 class=\"header\"> Pierres tombales musulmanes <\/h5> <div class=\"descr\">Nous concevons toujours les pierres tombales en fonction de votre histoire. Il en va de m\u00eame des pierres tombales musulmanes. Nous disposons en effet des mat\u00e9riaux et des techniques ad hoc. Nous vous conseillons avec plaisir.<\/div>\r\n\t\t\t\t\t\t<\/a><\/div>\r\n\t\t\t\t\t\t<div class=\"side-b\" style=\"background-image: url(https:\/\/vanderlindenj-grafzerken.be\/wp-content\/uploads\/2022\/06\/IMG_8609.jpg);\" ><a href=\"\/fr\/monumentsfun\u00e9raires\/pierrestombales-musulmanes\"><span class=\"ltx-icon fas fa-mosque bg-transparent\"><\/span> <h5 class=\"header\"> Pierres tombales musulmanes <\/h5> <div class=\"descr\">Nous concevons toujours les pierres tombales en fonction de votre histoire. Il en va de m\u00eame des pierres tombales musulmanes. Nous disposons en effet des mat\u00e9riaux et des techniques ad hoc. Nous vous conseillons avec plaisir.<\/div>\r\n\t\t\t\t\t\t<\/a><\/div>\t\t\t\t\t\t\r\n\t\t\t\t\t<\/div>\r\n\t\t\t\t<\/div>\r\n\t\t\t<\/li><li class=\" col-lg-3 col-md-6 col-sm-6 col-ms-12 col-xs-12 \" >\r\n\t\t\t\t<div class=\"in\">\r\n\t\t\t\t\t<div class=\"ltx-flip\">\r\n\t\t\t\t\t\t<div class=\"side-a\"><a href=\"\/fr\/monumentsfun\u00e9raires\/pierrestombales-orthodoxes\"><span class=\"ltx-icon fas fa-cross bg-transparent\"><\/span> <h5 class=\"header\"> Pierres tombales orthodoxes <\/h5> <div class=\"descr\">Une multitude de traditions existe au sein de l\u2019\u00c9glise orthodoxe autour de la mort et de l\u2019inhumation. Nous cr\u00e9ons les pierres tombales selon vos souhaits et mettons la touche finale en y ajoutant des textes et des accessoires personnalis\u00e9s.<\/div>\r\n\t\t\t\t\t\t<\/a><\/div>\r\n\t\t\t\t\t\t<div class=\"side-b\" style=\"background-image: url(https:\/\/vanderlindenj-grafzerken.be\/wp-content\/uploads\/2022\/06\/IMG_8366.jpg);\" ><a href=\"\/fr\/monumentsfun\u00e9raires\/pierrestombales-orthodoxes\"><span class=\"ltx-icon fas fa-cross bg-transparent\"><\/span> <h5 class=\"header\"> Pierres tombales orthodoxes <\/h5> <div class=\"descr\">Une multitude de traditions existe au sein de l\u2019\u00c9glise orthodoxe autour de la mort et de l\u2019inhumation. Nous cr\u00e9ons les pierres tombales selon vos souhaits et mettons la touche finale en y ajoutant des textes et des accessoires personnalis\u00e9s.<\/div>\r\n\t\t\t\t\t\t<\/a><\/div>\t\t\t\t\t\t\r\n\t\t\t\t\t<\/div>\r\n\t\t\t\t<\/div>\r\n\t\t\t<\/li><li class=\" col-lg-3 col-md-6 col-sm-6 col-ms-12 col-xs-12 \" >\r\n\t\t\t\t<div class=\"in\">\r\n\t\t\t\t\t<div class=\"ltx-flip\">\r\n\t\t\t\t\t\t<div class=\"side-a\"><a href=\"\/fr\/monumentsfun\u00e9raires\/pierrestombales-asiatiques\"><span class=\"ltx-icon fas fa-globe-asia bg-transparent\"><\/span> <h5 class=\"header\"> Pierres tombales asiatiques <\/h5> <div class=\"descr\">Nous travaillons sur votre projet dans le respect de toutes les cultures. D\u00e9couvrez un \u00e9ventail de mat\u00e9riaux et de techniques de finition chez Vanderlinden J.<\/div>\r\n\t\t\t\t\t\t<\/a><\/div>\r\n\t\t\t\t\t\t<div class=\"side-b\" style=\"background-image: url(https:\/\/vanderlindenj-grafzerken.be\/wp-content\/uploads\/2022\/06\/aziatische-grafzerken.jpg);\" ><a href=\"\/fr\/monumentsfun\u00e9raires\/pierrestombales-asiatiques\"><span class=\"ltx-icon fas fa-globe-asia bg-transparent\"><\/span> <h5 class=\"header\"> Pierres tombales asiatiques <\/h5> <div class=\"descr\">Nous travaillons sur votre projet dans le respect de toutes les cultures. D\u00e9couvrez un \u00e9ventail de mat\u00e9riaux et de techniques de finition chez Vanderlinden J.<\/div>\r\n\t\t\t\t\t\t<\/a><\/div>\t\t\t\t\t\t\r\n\t\t\t\t\t<\/div>\r\n\t\t\t\t<\/div>\r\n\t\t\t<\/li><li class=\" col-lg-3 col-md-6 col-sm-6 col-ms-12 col-xs-12 \" >\r\n\t\t\t\t<div class=\"in\">\r\n\t\t\t\t\t<div class=\"ltx-flip\">\r\n\t\t\t\t\t\t<div class=\"side-a\"><a href=\"\/fr\/monumentsfun\u00e9raires\/columbariums\"><span class=\"ltx-icon fas fa-columns bg-transparent\"><\/span> <h5 class=\"header\"> Columbariums <\/h5> <div class=\"descr\">Nous concevons une plaque de columbarium adapt\u00e9e en optant pour la d\u00e9coration et le lettrage appropri\u00e9s. La plaque murale deviendra un monument de comm\u00e9moration personnel.<\/div>\r\n\t\t\t\t\t\t<\/a><\/div>\r\n\t\t\t\t\t\t<div class=\"side-b\" style=\"background-image: url(https:\/\/vanderlindenj-grafzerken.be\/wp-content\/uploads\/2022\/06\/IMG_8644.jpg);\" ><a href=\"\/fr\/monumentsfun\u00e9raires\/columbariums\"><span class=\"ltx-icon fas fa-columns bg-transparent\"><\/span> <h5 class=\"header\"> Columbariums <\/h5> <div class=\"descr\">Nous concevons une plaque de columbarium adapt\u00e9e en optant pour la d\u00e9coration et le lettrage appropri\u00e9s. La plaque murale deviendra un monument de comm\u00e9moration personnel.<\/div>\r\n\t\t\t\t\t\t<\/a><\/div>\t\t\t\t\t\t\r\n\t\t\t\t\t<\/div>\r\n\t\t\t\t<\/div>\r\n\t\t\t<\/li><\/ul><\/div><\/div><\/div><\/div><div class=\"vc_row wpb_row vc_row-fluid\"><div class=\"wpb_column vc_column_container vc_col-sm-12\"><div class=\"vc_column-inner\"><div class=\"wpb_wrapper\"><ul class=\"ltx-block-icon  has-descr  icons-count-4 align-center ltx-icon-color-main ltx-icon-size-sm ltx-header-color-default ltx-icon-type-transparent ltx-bg-color-white layout-cols4 ltx-grid-hover  row centered\"  id=\"like_sc_block_icon_1584696022\"><li class=\" col-lg-3 col-md-6 col-sm-6 col-ms-12 col-xs-12 \" >\r\n\t\t\t\t<div class=\"in\">\r\n\t\t\t\t\t<div class=\"ltx-flip\">\r\n\t\t\t\t\t\t<div class=\"side-a\"><a href=\"\/fr\/monumentsfun\u00e9raires\/pierresdurnes\"><span class=\"ltx-icon fas fa-layer-group bg-white\"><\/span> <h5 class=\"header\"> Pierres d\u2019urnes <\/h5> <div class=\"descr\">Une pierre d'urne fait office de gardien du lieu de repos de votre proche. Faites appel \u00e0 Vanderlinden J. pour une conception et une finition personnelles dans les r\u00e8gles de l'art.<\/div>\r\n\t\t\t\t\t\t<\/a><\/div>\r\n\t\t\t\t\t\t<div class=\"side-b\" style=\"background-image: url(https:\/\/vanderlindenj-grafzerken.be\/wp-content\/uploads\/2022\/06\/IMG_8575.jpg);\" ><a href=\"\/fr\/monumentsfun\u00e9raires\/pierresdurnes\"><span class=\"ltx-icon fas fa-layer-group bg-white\"><\/span> <h5 class=\"header\"> Pierres d\u2019urnes <\/h5> <div class=\"descr\">Une pierre d'urne fait office de gardien du lieu de repos de votre proche. Faites appel \u00e0 Vanderlinden J. pour une conception et une finition personnelles dans les r\u00e8gles de l'art.<\/div>\r\n\t\t\t\t\t\t<\/a><\/div>\t\t\t\t\t\t\r\n\t\t\t\t\t<\/div>\r\n\t\t\t\t<\/div>\r\n\t\t\t<\/li><li class=\" col-lg-3 col-md-6 col-sm-6 col-ms-12 col-xs-12 \" >\r\n\t\t\t\t<div class=\"in\">\r\n\t\t\t\t\t<div class=\"ltx-flip\">\r\n\t\t\t\t\t\t<div class=\"side-a\"><a href=\"\/fr\/accessoires\"><span class=\"ltx-icon fas fa-swatchbook bg-white\"><\/span> <h5 class=\"header\"> Accessoires <\/h5> <div class=\"descr\">Il vous est possible de personnaliser une pierre tombale ou une plaque d\u2019urne en y ajoutant des accessoires suppl\u00e9mentaires. Pensez pour ce faire \u00e0 des textes, des photos, des fleurs, des plantes et des ornements.<\/div>\r\n\t\t\t\t\t\t<\/a><\/div>\r\n\t\t\t\t\t\t<div class=\"side-b\" style=\"background-image: url(https:\/\/vanderlindenj-grafzerken.be\/wp-content\/uploads\/2022\/06\/IMG_8626.jpg);\" ><a href=\"\/fr\/accessoires\"><span class=\"ltx-icon fas fa-swatchbook bg-white\"><\/span> <h5 class=\"header\"> Accessoires <\/h5> <div class=\"descr\">Il vous est possible de personnaliser une pierre tombale ou une plaque d\u2019urne en y ajoutant des accessoires suppl\u00e9mentaires. Pensez pour ce faire \u00e0 des textes, des photos, des fleurs, des plantes et des ornements.<\/div>\r\n\t\t\t\t\t\t<\/a><\/div>\t\t\t\t\t\t\r\n\t\t\t\t\t<\/div>\r\n\t\t\t\t<\/div>\r\n\t\t\t<\/li><li class=\" col-lg-3 col-md-6 col-sm-6 col-ms-12 col-xs-12 \" >\r\n\t\t\t\t<div class=\"in\">\r\n\t\t\t\t\t<div class=\"ltx-flip\">\r\n\t\t\t\t\t\t<div class=\"side-a\"><a href=\"\/fr\/entretien-r\u00e9novation\"><span class=\"ltx-icon fas fa-broom bg-white\"><\/span> <h5 class=\"header\"> Entretien &amp; renovation <\/h5> <div class=\"descr\">En tant qu'experts dans ce domaine, nous disposons de la technologie ad\u00e9quate pour chaque mat\u00e9riau. Vanderlinden J. est sp\u00e9cialis\u00e9 dans la pierre naturelle.<\/div>\r\n\t\t\t\t\t\t<\/a><\/div>\r\n\t\t\t\t\t\t<div class=\"side-b\" style=\"background-image: url(https:\/\/vanderlindenj-grafzerken.be\/wp-content\/uploads\/2022\/06\/IMG_8471.jpg);\" ><a href=\"\/fr\/entretien-r\u00e9novation\"><span class=\"ltx-icon fas fa-broom bg-white\"><\/span> <h5 class=\"header\"> Entretien &amp; renovation <\/h5> <div class=\"descr\">En tant qu'experts dans ce domaine, nous disposons de la technologie ad\u00e9quate pour chaque mat\u00e9riau. Vanderlinden J. est sp\u00e9cialis\u00e9 dans la pierre naturelle.<\/div>\r\n\t\t\t\t\t\t<\/a><\/div>\t\t\t\t\t\t\r\n\t\t\t\t\t<\/div>\r\n\t\t\t\t<\/div>\r\n\t\t\t<\/li><li class=\" col-lg-3 col-md-6 col-sm-6 col-ms-12 col-xs-12 \" >\r\n\t\t\t\t<div class=\"in\">\r\n\t\t\t\t\t<div class=\"ltx-flip\">\r\n\t\t\t\t\t\t<div class=\"side-a\"><a href=\"\/fr\/pierrenaturelle\"><span class=\"ltx-icon icon-parallax bg-white\"><\/span> <h5 class=\"header\"> Pierre naturelle <\/h5> <div class=\"descr\">Depuis sa cr\u00e9ation en 1940, Vanderlinden J. est une entreprise \u00e9tablie qui s'occupe de la  production et de la pose de monuments fun\u00e9raires et de pierres tombales en pierre naturelle. <\/div>\r\n\t\t\t\t\t\t<\/a><\/div>\r\n\t\t\t\t\t\t<div class=\"side-b\" style=\"background-image: url(https:\/\/vanderlindenj-grafzerken.be\/wp-content\/uploads\/2022\/06\/IMG_8666.jpg);\" ><a href=\"\/fr\/pierrenaturelle\"><span class=\"ltx-icon icon-parallax bg-white\"><\/span> <h5 class=\"header\"> Pierre naturelle <\/h5> <div class=\"descr\">Depuis sa cr\u00e9ation en 1940, Vanderlinden J. est une entreprise \u00e9tablie qui s'occupe de la  production et de la pose de monuments fun\u00e9raires et de pierres tombales en pierre naturelle. <\/div>\r\n\t\t\t\t\t\t<\/a><\/div>\t\t\t\t\t\t\r\n\t\t\t\t\t<\/div>\r\n\t\t\t\t<\/div>\r\n\t\t\t<\/li><\/ul><\/div><\/div><\/div><\/div><div class=\"vc_row wpb_row vc_row-fluid\"><div class=\"wpb_column vc_column_container vc_col-sm-12\"><div class=\"vc_column-inner\"><div class=\"wpb_wrapper\"><div class=\"es-resp\">\t<div class=\"visible-xl\" style=\"height: 98px;\"><\/div>\t<div class=\"hidden-xl hidden-md hidden-sm hidden-ms hidden-xs\" style=\"height: 70px;\"><\/div>\t<div class=\"visible-md\" style=\"height: 70px;\"><\/div>\t<div class=\"visible-sm \" style=\"height: 70px;\"><\/div>\t<div class=\"visible-ms\" style=\"height: 64px;\"><\/div>\t<div class=\"visible-xs\" style=\"height: 64px;\"><\/div><\/div><\/div><\/div><\/div><\/div><\/section><div class=\"vc_row-full-width vc_clearfix\"><\/div><\/div>[\/vc_column][\/vc_row]<\/p>\n<\/div>","protected":false},"excerpt":{"rendered":"La pierre naturelle dans la cuisine par Vanderlinden J. Nous utilisons la pierre naturelle pour votre plan de travail, vos \u00e9viers, vos cr\u00e9dences ou votre sol de cuisine. Aucun plan de travail n'est identique. C'est pr\u00e9cis\u00e9ment le grand attrait de la pierre naturelle. Le granit gagne en popularit\u00e9, car il est r\u00e9sistant \u00e0 la chaleur, aux rayures et aux taches. Le marbre ou la pierre bleue sont \u00e9galement des mat\u00e9riaux indiqu\u00e9s pour donner la touche finale \u00e0 votre cuisine. Pour un plan de travail unique par sa couleur, son motif et sa structure, faites appel \u00e0 Vanderlinden J. Gr\u00e2ce \u00e0 [...]","protected":false},"author":1,"featured_media":0,"parent":13563,"menu_order":0,"comment_status":"closed","ping_status":"closed","template":"","meta":{"footnotes":""},"class_list":["post-13597","page","type-page","status-publish","hentry"],"yoast_head":"<!-- This site is optimized with the Yoast SEO plugin v27.5 - https:\/\/yoast.com\/product\/yoast-seo-wordpress\/ -->\n<title>Des cuisines d&#039;exception sur mesure \u00e0 For\u00eat - Vanderlinden J. Grafzerken - Pierres tombales<\/title>\n<meta name=\"description\" content=\"Vanderlinden J. place de la pierre naturelle dans votre cuisine dans la grande r\u00e9gion de For\u00eat avec une approche personnalis\u00e9e et des ann\u00e9es d\u2019exp\u00e9rience.\" \/>\n<meta name=\"robots\" content=\"index, follow, max-snippet:-1, max-image-preview:large, max-video-preview:-1\" \/>\n<link rel=\"canonical\" href=\"https:\/\/vanderlindenj-grafzerken.be\/fr\/monumentsfuneraires\/caveaux\/cuisines-foret\/\" \/>\n<meta property=\"og:locale\" content=\"fr_FR\" \/>\n<meta property=\"og:type\" content=\"article\" \/>\n<meta property=\"og:title\" content=\"Des cuisines d&#039;exception sur mesure \u00e0 For\u00eat - Vanderlinden J. Grafzerken - Pierres tombales\" \/>\n<meta property=\"og:description\" content=\"Vanderlinden J. place de la pierre naturelle dans votre cuisine dans la grande r\u00e9gion de For\u00eat avec une approche personnalis\u00e9e et des ann\u00e9es d\u2019exp\u00e9rience.\" \/>\n<meta property=\"og:url\" content=\"https:\/\/vanderlindenj-grafzerken.be\/fr\/monumentsfuneraires\/caveaux\/cuisines-foret\/\" \/>\n<meta property=\"og:site_name\" content=\"Vanderlinden J. Grafzerken - Pierres tombales\" \/>\n<meta name=\"twitter:card\" content=\"summary_large_image\" \/>\n<meta name=\"twitter:label1\" content=\"Dur\u00e9e de lecture estim\u00e9e\" \/>\n\t<meta name=\"twitter:data1\" content=\"3 minutes\" \/>\n<script type=\"application\/ld+json\" class=\"yoast-schema-graph\">{\"@context\":\"https:\\\/\\\/schema.org\",\"@graph\":[{\"@type\":\"WebPage\",\"@id\":\"https:\\\/\\\/vanderlindenj-grafzerken.be\\\/fr\\\/monumentsfuneraires\\\/caveaux\\\/cuisines-foret\\\/\",\"url\":\"https:\\\/\\\/vanderlindenj-grafzerken.be\\\/fr\\\/monumentsfuneraires\\\/caveaux\\\/cuisines-foret\\\/\",\"name\":\"Des cuisines d'exception sur mesure \u00e0 For\u00eat - Vanderlinden J. Grafzerken - Pierres tombales\",\"isPartOf\":{\"@id\":\"https:\\\/\\\/vanderlindenj-grafzerken.be\\\/#website\"},\"datePublished\":\"2022-06-21T09:30:00+00:00\",\"description\":\"Vanderlinden J. place de la pierre naturelle dans votre cuisine dans la grande r\u00e9gion de For\u00eat avec une approche personnalis\u00e9e et des ann\u00e9es d\u2019exp\u00e9rience.\",\"breadcrumb\":{\"@id\":\"https:\\\/\\\/vanderlindenj-grafzerken.be\\\/fr\\\/monumentsfuneraires\\\/caveaux\\\/cuisines-foret\\\/#breadcrumb\"},\"inLanguage\":\"fr-FR\",\"potentialAction\":[{\"@type\":\"ReadAction\",\"target\":[\"https:\\\/\\\/vanderlindenj-grafzerken.be\\\/fr\\\/monumentsfuneraires\\\/caveaux\\\/cuisines-foret\\\/\"]}]},{\"@type\":\"BreadcrumbList\",\"@id\":\"https:\\\/\\\/vanderlindenj-grafzerken.be\\\/fr\\\/monumentsfuneraires\\\/caveaux\\\/cuisines-foret\\\/#breadcrumb\",\"itemListElement\":[{\"@type\":\"ListItem\",\"position\":1,\"name\":\"Home\",\"item\":\"https:\\\/\\\/vanderlindenj-grafzerken.be\\\/fr\\\/\"},{\"@type\":\"ListItem\",\"position\":2,\"name\":\"Pierres tombales\",\"item\":\"https:\\\/\\\/vanderlindenj-grafzerken.be\\\/fr\\\/monumentsfuneraires\\\/\"},{\"@type\":\"ListItem\",\"position\":3,\"name\":\"Caveaux\",\"item\":\"https:\\\/\\\/vanderlindenj-grafzerken.be\\\/fr\\\/monumentsfuneraires\\\/caveaux\\\/\"},{\"@type\":\"ListItem\",\"position\":4,\"name\":\"Des cuisines d&#8217;exception sur mesure \u00e0 For\u00eat\"}]},{\"@type\":\"WebSite\",\"@id\":\"https:\\\/\\\/vanderlindenj-grafzerken.be\\\/#website\",\"url\":\"https:\\\/\\\/vanderlindenj-grafzerken.be\\\/\",\"name\":\"Vanderlinden J. Grafzerken - Pierres tombales\",\"description\":\"Grafzerken op maat in de Brusselse rand - Pierres tombales sur mesure en p\u00e9riph\u00e9rie Bruxelloise\",\"potentialAction\":[{\"@type\":\"SearchAction\",\"target\":{\"@type\":\"EntryPoint\",\"urlTemplate\":\"https:\\\/\\\/vanderlindenj-grafzerken.be\\\/?s={search_term_string}\"},\"query-input\":{\"@type\":\"PropertyValueSpecification\",\"valueRequired\":true,\"valueName\":\"search_term_string\"}}],\"inLanguage\":\"fr-FR\"}]}<\/script>\n<!-- \/ Yoast SEO plugin. -->","yoast_head_json":{"title":"Des cuisines d'exception sur mesure \u00e0 For\u00eat - Vanderlinden J. Grafzerken - Pierres tombales","description":"Vanderlinden J. place de la pierre naturelle dans votre cuisine dans la grande r\u00e9gion de For\u00eat avec une approche personnalis\u00e9e et des ann\u00e9es d\u2019exp\u00e9rience.","robots":{"index":"index","follow":"follow","max-snippet":"max-snippet:-1","max-image-preview":"max-image-preview:large","max-video-preview":"max-video-preview:-1"},"canonical":"https:\/\/vanderlindenj-grafzerken.be\/fr\/monumentsfuneraires\/caveaux\/cuisines-foret\/","og_locale":"fr_FR","og_type":"article","og_title":"Des cuisines d'exception sur mesure \u00e0 For\u00eat - Vanderlinden J. Grafzerken - Pierres tombales","og_description":"Vanderlinden J. place de la pierre naturelle dans votre cuisine dans la grande r\u00e9gion de For\u00eat avec une approche personnalis\u00e9e et des ann\u00e9es d\u2019exp\u00e9rience.","og_url":"https:\/\/vanderlindenj-grafzerken.be\/fr\/monumentsfuneraires\/caveaux\/cuisines-foret\/","og_site_name":"Vanderlinden J. Grafzerken - Pierres tombales","twitter_card":"summary_large_image","twitter_misc":{"Dur\u00e9e de lecture estim\u00e9e":"3 minutes"},"schema":{"@context":"https:\/\/schema.org","@graph":[{"@type":"WebPage","@id":"https:\/\/vanderlindenj-grafzerken.be\/fr\/monumentsfuneraires\/caveaux\/cuisines-foret\/","url":"https:\/\/vanderlindenj-grafzerken.be\/fr\/monumentsfuneraires\/caveaux\/cuisines-foret\/","name":"Des cuisines d'exception sur mesure \u00e0 For\u00eat - Vanderlinden J. Grafzerken - Pierres tombales","isPartOf":{"@id":"https:\/\/vanderlindenj-grafzerken.be\/#website"},"datePublished":"2022-06-21T09:30:00+00:00","description":"Vanderlinden J. place de la pierre naturelle dans votre cuisine dans la grande r\u00e9gion de For\u00eat avec une approche personnalis\u00e9e et des ann\u00e9es d\u2019exp\u00e9rience.","breadcrumb":{"@id":"https:\/\/vanderlindenj-grafzerken.be\/fr\/monumentsfuneraires\/caveaux\/cuisines-foret\/#breadcrumb"},"inLanguage":"fr-FR","potentialAction":[{"@type":"ReadAction","target":["https:\/\/vanderlindenj-grafzerken.be\/fr\/monumentsfuneraires\/caveaux\/cuisines-foret\/"]}]},{"@type":"BreadcrumbList","@id":"https:\/\/vanderlindenj-grafzerken.be\/fr\/monumentsfuneraires\/caveaux\/cuisines-foret\/#breadcrumb","itemListElement":[{"@type":"ListItem","position":1,"name":"Home","item":"https:\/\/vanderlindenj-grafzerken.be\/fr\/"},{"@type":"ListItem","position":2,"name":"Pierres tombales","item":"https:\/\/vanderlindenj-grafzerken.be\/fr\/monumentsfuneraires\/"},{"@type":"ListItem","position":3,"name":"Caveaux","item":"https:\/\/vanderlindenj-grafzerken.be\/fr\/monumentsfuneraires\/caveaux\/"},{"@type":"ListItem","position":4,"name":"Des cuisines d&#8217;exception sur mesure \u00e0 For\u00eat"}]},{"@type":"WebSite","@id":"https:\/\/vanderlindenj-grafzerken.be\/#website","url":"https:\/\/vanderlindenj-grafzerken.be\/","name":"Vanderlinden J. Grafzerken - Pierres tombales","description":"Grafzerken op maat in de Brusselse rand - Pierres tombales sur mesure en p\u00e9riph\u00e9rie Bruxelloise","potentialAction":[{"@type":"SearchAction","target":{"@type":"EntryPoint","urlTemplate":"https:\/\/vanderlindenj-grafzerken.be\/?s={search_term_string}"},"query-input":{"@type":"PropertyValueSpecification","valueRequired":true,"valueName":"search_term_string"}}],"inLanguage":"fr-FR"}]}},"_links":{"self":[{"href":"https:\/\/vanderlindenj-grafzerken.be\/fr\/wp-json\/wp\/v2\/pages\/13597","targetHints":{"allow":["GET"]}}],"collection":[{"href":"https:\/\/vanderlindenj-grafzerken.be\/fr\/wp-json\/wp\/v2\/pages"}],"about":[{"href":"https:\/\/vanderlindenj-grafzerken.be\/fr\/wp-json\/wp\/v2\/types\/page"}],"author":[{"embeddable":true,"href":"https:\/\/vanderlindenj-grafzerken.be\/fr\/wp-json\/wp\/v2\/users\/1"}],"replies":[{"embeddable":true,"href":"https:\/\/vanderlindenj-grafzerken.be\/fr\/wp-json\/wp\/v2\/comments?post=13597"}],"version-history":[{"count":2,"href":"https:\/\/vanderlindenj-grafzerken.be\/fr\/wp-json\/wp\/v2\/pages\/13597\/revisions"}],"predecessor-version":[{"id":13599,"href":"https:\/\/vanderlindenj-grafzerken.be\/fr\/wp-json\/wp\/v2\/pages\/13597\/revisions\/13599"}],"up":[{"embeddable":true,"href":"https:\/\/vanderlindenj-grafzerken.be\/fr\/wp-json\/wp\/v2\/pages\/13563"}],"wp:attachment":[{"href":"https:\/\/vanderlindenj-grafzerken.be\/fr\/wp-json\/wp\/v2\/media?parent=13597"}],"curies":[{"name":"wp","href":"https:\/\/api.w.org\/{rel}","templated":true}]}}